{"version":"1.0","provider_name":"F\u00e1bregas - \u00c9quipement et mobilier urbain ECO Friendly","provider_url":"https:\/\/grupfabregas.com\/fr\/","author_name":"F\u00e1bregas","author_url":"https:\/\/grupF\u00e1bregas.com\/fr\/author\/F\u00e1bregas\/","title":"Chaises en bois technique et bancs en b\u00e9ton - Grup F\u00e1bregas","type":"rich","width":600,"height":338,"html":"<blockquote class=\"wp-embedded-content\" data-secret=\"cbhPhvbTYy\"><a href=\"https:\/\/grupfabregas.com\/fr\/oeuvres\/chaises-et-bancs-a-llavaneres-barcelone-2026\/\">Chaises et bancs \u00e0 Llavaneres, Barcelone \u2013 2026<\/a><\/blockquote><iframe sandbox=\"allow-scripts\" security=\"restricted\" src=\"https:\/\/grupfabregas.com\/fr\/oeuvres\/chaises-et-bancs-a-llavaneres-barcelone-2026\/embed\/#?secret=cbhPhvbTYy\" width=\"600\" height=\"338\" title=\"\u00ab\u00a0Chaises et bancs \u00e0 Llavaneres, Barcelone \u2013 2026\u00a0\u00bb &#8212; F\u00e1bregas - \u00c9quipement et mobilier urbain ECO Friendly\" data-secret=\"cbhPhvbTYy\" frameborder=\"0\" marginwidth=\"0\" marginheight=\"0\" scrolling=\"no\" class=\"wp-embedded-content\"><\/iframe><script type=\"text\/javascript\">\n\/* <![CDATA[ *\/\n\/*! This file is auto-generated *\/\n!function(d,l){\"use strict\";l.querySelector&&d.addEventListener&&\"undefined\"!=typeof URL&&(d.wp=d.wp||{},d.wp.receiveEmbedMessage||(d.wp.receiveEmbedMessage=function(e){var t=e.data;if((t||t.secret||t.message||t.value)&&!\/[^a-zA-Z0-9]\/.test(t.secret)){for(var s,r,n,a=l.querySelectorAll('iframe[data-secret=\"'+t.secret+'\"]'),o=l.querySelectorAll('blockquote[data-secret=\"'+t.secret+'\"]'),c=new RegExp(\"^https?:$\",\"i\"),i=0;i<o.length;i++)o[i].style.display=\"none\";for(i=0;i<a.length;i++)s=a[i],e.source===s.contentWindow&&(s.removeAttribute(\"style\"),\"height\"===t.message?(1e3<(r=parseInt(t.value,10))?r=1e3:~~r<200&&(r=200),s.height=r):\"link\"===t.message&&(r=new URL(s.getAttribute(\"src\")),n=new URL(t.value),c.test(n.protocol))&&n.host===r.host&&l.activeElement===s&&(d.top.location.href=t.value))}},d.addEventListener(\"message\",d.wp.receiveEmbedMessage,!1),l.addEventListener(\"DOMContentLoaded\",function(){for(var e,t,s=l.querySelectorAll(\"iframe.wp-embedded-content\"),r=0;r<s.length;r++)(t=(e=s[r]).getAttribute(\"data-secret\"))||(t=Math.random().toString(36).substring(2,12),e.src+=\"#?secret=\"+t,e.setAttribute(\"data-secret\",t)),e.contentWindow.postMessage({message:\"ready\",secret:t},\"*\")},!1)))}(window,document);\n\/\/# sourceURL=https:\/\/grupfabregas.com\/wp-includes\/js\/wp-embed.min.js\n\/* ]]> *\/\n<\/script>\n","thumbnail_url":"https:\/\/grupfabregas.com\/wp-content\/uploads\/obra-sant-andreu-llavaneras.webp","thumbnail_width":800,"thumbnail_height":600,"description":"La combinaison de mat\u00e9riaux tels que la fonte avec finition martel\u00e9e, le bois technique et le b\u00e9ton blanc permet d\u2019offrir des solutions particuli\u00e8rement r\u00e9sistantes \u00e0 un usage intensif et aux conditions ext\u00e9rieures, sans n\u00e9cessiter d\u2019entretien."}